

{"version":"1.0","type":"rich","provider_name":"Blog V\u00e9nissian de Pierre-Alain Millet","provider_url":"https:\/\/pierrealainmillet.fr","title":"Unir le monde du travail, les milieux populaires contre les droites","author_name":"Pierre-Alain","width":"480","height":"295","url":"https:\/\/www.pierrealainmillet.fr\/Unir-le-monde-du-travail-les-milieux-populaires-contre-les","html":"\u003Ch4 class='title'\u003E\u003Ca href='https:\/\/www.pierrealainmillet.fr\/Unir-le-monde-du-travail-les-milieux-populaires-contre-les'\u003EUnir le monde du travail, les milieux populaires contre les droites\u003C\/a\u003E\u003C\/h4\u003E\u003Cblockquote class='spip'\u003E\n\u003Cp\u003EMacron ne r\u00eave plus que d\u2019une guerre qu\u2019il pourrait diriger pour l\u2019U.E. Sauv\u00e9 en 2024 par un front r\u00e9publicain \u00e9lectoraliste, incapable d\u2019organiser la France, de la crise sanitaire aux incendies de 2026 en passant par les \u00e9v\u00e8nements de juin 2023, il laisse une France fractur\u00e9e, une r\u00e9publique malade du pi\u00e8ge m\u00e9diatique. Les puissants des institutions comme de l\u2019\u00e9conomie sont incapables d\u2019offrir une alternative au retour d\u2019une extr\u00eame-droite muscl\u00e9e partout dans l\u2019occident. \n\nLes crises&nbsp;(\u2026)\u003C\/p\u003E\n\u003C\/blockquote\u003E\n"}